{"id":9,"date":"2021-02-17T12:41:26","date_gmt":"2021-02-17T12:41:26","guid":{"rendered":"https:\/\/merceyoga.wordpress.com\/?page_id=9"},"modified":"2023-09-26T20:19:17","modified_gmt":"2023-09-26T18:19:17","slug":"about","status":"publish","type":"page","link":"https:\/\/merceyoga.com\/?page_id=9","title":{"rendered":"Acerca de m\u00ed"},"content":{"rendered":"\n<figure class=\"wp-block-image alignright size-large is-resized is-style-rounded\"><img loading=\"lazy\" decoding=\"async\" src=\"https:\/\/i0.wp.com\/merceyoga.com\/wp-content\/uploads\/2021\/02\/em101026.jpg?resize=430%2C322\" alt=\"\" class=\"wp-image-104\" style=\"width:430px;height:322px\" width=\"430\" height=\"322\" data-recalc-dims=\"1\" \/><\/figure>\n\n\n\n<p>Soy Merc\u00e9.<br>Tengo 35 a\u00f1os. <br>Nac\u00ed en Argentina. <br>Si, tengo nombre Catal\u00e1n <br>Vivo en Barcelona desde junio 2018<\/p>\n\n\n\n<p>Mi pasi\u00f3n es la naturaleza, la comunicaci\u00f3n y la uni\u00f3n de mundos. El estudio de la mente desde la perspectiva del Yoga es lo que me ocupa desde hace tiempo.<br><\/p>\n\n\n\n<p>Mi vida laboral transcurri\u00f3 en oficinas de marketing digital hasta que comprend\u00ed que all\u00ed no podr\u00eda dar ni darme en un completo potencial, que quer\u00eda explorar fuera de estos l\u00edmites.&nbsp;<\/p>\n\n\n\n<p>En mi b\u00fasqueda, encontr\u00e9 muchas respuestas en la filosof\u00eda, en el  budismo, en la neurociencia, en la psicolog\u00eda y en el infinito universo del Yoga.<br>Universo que me fue revelado gracias a la pr\u00e1ctica y h\u00e1bito de la meditaci\u00f3n que me acompa\u00f1a desde hace m\u00e1s de una d\u00e9cada. <br>Universo al que me sumerg\u00ed por completo en un profundo an\u00e1lisis, pr\u00e1ctica e investigaci\u00f3n desde la experiencialidad y la vivencia. <br><br>Me considero una practicante, una estudiosa y una divulgadora de un conocimiento ancestral sobre el bienestar y la vida en calma. <br>Me fascina el estudio del cuerpo y mente que propone la pr\u00e1ctica. <br>Observo al Yoga y al budismo como una psicolog\u00eda que nos acercan entendimiento sobre nuestro pensar, comportar y ser. <br><br>Me gusta nutrirme de herramientas que pueda traer a la vida diaria para cultivar una presencia de amor en este plano y compartirlas con quien quiera sumarse al viaje. <br>Para que la sinergia del trabajo de cada unx de nosotrxs genere el cambio hacia una vida consciente, plena, libre de sufrimiento y repleta de amor.<\/p>\n\n\n\n<p><\/p>\n\n\n\n<h4 class=\"wp-block-heading\" id=\"formaciones\">Formaciones:<\/h4>\n\n\n\n<p>\u21fb 100HS YOGA TEACHER TRAINNING <strong>Yoga Restaurativo &amp; Terap\u00e9utico <\/strong>(Leo Cuda )<\/p>\n\n\n\n<p>\u21fb 500 hs Curso de Formaci\u00f3n Profesional de <strong>Instrucci\u00f3n en Yoga <\/strong>&#8211; ROYAL FORMACI\u00d3N &#8211; Consorcio para la Formaci\u00f3n Continua de Catalunya. <\/p>\n\n\n\n<p>\u21fb 100HS YOGA TEACHER TRAINNING <strong>Hatha Vinyasa Krama  Yoga<\/strong> &#8211; (Leo Cuda )<br>Formaci\u00f3n de educaci\u00f3n continua con <a href=\"https:\/\/leocudayoga.com\/\">leocudayoga.com<\/a><\/p>\n\n\n\n<p>\u21fb 100HS YOGA TEACHER TRAINNING <strong>Hatha Vinyasa Yoga <\/strong>&#8211; (Daniela Cao)<br>Yoga Bindu Barcelona. Octubre 2019 &#8211; Julio 2020<br><br>\u21fb 200HS YOGA TEACHER TRAINNING <strong>Hatha Vinyasa Krama Yoga<\/strong> (Leo Cuda y Daniela Cao)<br>Yoga Bindu Barcelona. Octubre 2019 &#8211; Julio 2020<\/p>\n\n\n\n<p>\u21fb Taller Inmersi\u00f3n &#8211; <strong>YOGA TERAPE\u00daTICO Y RESTAURATIVO<\/strong> (Leo Cuda)<br> Yoga Bindu Barcelona. Agosto 2019<br><br>\u21fb 50HS Formaci\u00f3n Escuela Darshan &#8211; <strong>GU\u00cdA DE MEDITACI\u00d3NY YOGA NIDRA MINDFULNESS<\/strong><br>Barcelona. Abril 2019<\/p>\n\n\n\n<p>\u21fb 30HS &#8211; MINDFULNESS<br>Consorci per a la Formaci\u00f3 Cont\u00ednua de Catalunya. Mayo 2021<\/p>\n\n\n\n<p>\u21fb COMUNICACI\u00d3N Y RELACIONES P\u00daBLICAS Buenos Aires 2006 &#8211; 2013<br><\/p>\n\n\n\n<h4 class=\"wp-block-heading\" id=\"autoestudio\">Autoestudio<\/h4>\n\n\n\n<p>Mi compromiso con el aprendizaje est\u00e1 en constante movimiento a trav\u00e9s del auto-estudio, din\u00e1mica que practico con dedicaci\u00f3n a trav\u00e9s de la nutrici\u00f3n de material informativo que nos habilita la apertura de nuevos caminos de conocimiento infinito. <br><br>\u21fb Sadhana y autoestudio<br>\u21fb Anatom\u00eda aplicada al Yoga<br>\u21fb Yoga Nidra<br>\u21fb Meditaci\u00f3n y Mindfulness<br>\u21fb Evoluci\u00f3n continua desde la docencia.<\/p>\n\n\n\n<p><\/p>\n\n\n\n<p><\/p>\n\n\n\n<p><\/p>\n\n\n\n<p><\/p>\n\n\n\n<h4 class=\"wp-block-heading has-text-align-center\" id=\"otros-proyectos\">Otros Proyectos<\/h4>\n\n\n\n<p class=\"has-text-align-center\">Tengo una l\u00ednea de Cosm\u00e9tica Natural Artesanal llamada Sol en Tauro, desde donde maridamos el placer del cuidado personal y la conexi\u00f3n con la madre tierra en este proyecto de cosm\u00e9tica natural hecha a mano y con amor.\ud83d\ude4c\u2764\ufe0f<br><a href=\"https:\/\/solentaurocosmetica.wordpress.com\/\">Ver m\u00e1s sobre Sol en Tauro<\/a><\/p>\n\n\n\n<figure class=\"wp-block-gallery has-nested-images columns-default is-cropped aligncenter wp-block-gallery-1 is-layout-flex wp-block-gallery-is-layout-flex\">\n<figure class=\"wp-block-image size-large is-style-default\"><img decoding=\"async\" data-id=\"454\" src=\"https:\/\/i0.wp.com\/merceyoga.com\/wp-content\/uploads\/2021\/03\/img_20201211_161226964_hdr-1.jpg\" alt=\"\" class=\"wp-image-454\" data-recalc-dims=\"1\"\/><\/figure>\n\n\n\n<figure class=\"wp-block-image size-large is-style-default\"><img decoding=\"async\" data-id=\"456\" src=\"https:\/\/i0.wp.com\/merceyoga.com\/wp-content\/uploads\/2021\/03\/img_20210204_195643290_burst000_cover-1.jpg\" alt=\"\" class=\"wp-image-456\" data-recalc-dims=\"1\"\/><\/figure>\n<figcaption class=\"blocks-gallery-caption wp-element-caption\"><a href=\"https:\/\/solentaurocosmetica.wordpress.com\/\">https:\/\/solentaurocosmetica.wordpress.com\/<\/a><\/figcaption><\/figure>\n\n\n\n<figure class=\"wp-block-image size-large is-style-default\"><a href=\"https:\/\/solentaurocosmetica.wordpress.com\/\"><img loading=\"lazy\" decoding=\"async\" width=\"2050\" height=\"780\" src=\"https:\/\/i0.wp.com\/merceyoga.com\/wp-content\/uploads\/2021\/03\/sol-en-tauro-1.png?resize=2050%2C780\" alt=\"\" class=\"wp-image-458\" srcset=\"https:\/\/i0.wp.com\/merceyoga.com\/wp-content\/uploads\/2021\/03\/sol-en-tauro-1.png?w=2050&amp;ssl=1 2050w, https:\/\/i0.wp.com\/merceyoga.com\/wp-content\/uploads\/2021\/03\/sol-en-tauro-1.png?resize=300%2C114&amp;ssl=1 300w, https:\/\/i0.wp.com\/merceyoga.com\/wp-content\/uploads\/2021\/03\/sol-en-tauro-1.png?resize=1024%2C390&amp;ssl=1 1024w, https:\/\/i0.wp.com\/merceyoga.com\/wp-content\/uploads\/2021\/03\/sol-en-tauro-1.png?resize=768%2C292&amp;ssl=1 768w, https:\/\/i0.wp.com\/merceyoga.com\/wp-content\/uploads\/2021\/03\/sol-en-tauro-1.png?resize=1536%2C584&amp;ssl=1 1536w, https:\/\/i0.wp.com\/merceyoga.com\/wp-content\/uploads\/2021\/03\/sol-en-tauro-1.png?resize=2048%2C779&amp;ssl=1 2048w\" sizes=\"auto, (max-width: 1000px) 100vw, 1000px\" data-recalc-dims=\"1\" \/><\/a><\/figure>\n\n\n\n<p><\/p>\n","protected":false},"excerpt":{"rendered":"<p>Soy Merc\u00e9.Tengo 35 a\u00f1os. Nac\u00ed en Argentina. Si, tengo nombre Catal\u00e1n Vivo en Barcelona desde junio 2018 Mi pasi\u00f3n es la naturaleza, la comunicaci\u00f3n y la uni\u00f3n de mundos. El estudio de la mente desde la perspectiva del Yoga es lo que me ocupa desde hace tiempo. Mi vida laboral transcurri\u00f3 en oficinas de marketing [&hellip;]<\/p>\n","protected":false},"author":2,"featured_media":0,"parent":0,"menu_order":0,"comment_status":"closed","ping_status":"closed","template":"","meta":{"footnotes":""},"class_list":["post-9","page","type-page","status-publish","hentry"],"jetpack-related-posts":[],"_links":{"self":[{"href":"https:\/\/merceyoga.com\/index.php?rest_route=\/wp\/v2\/pages\/9","targetHints":{"allow":["GET"]}}],"collection":[{"href":"https:\/\/merceyoga.com\/index.php?rest_route=\/wp\/v2\/pages"}],"about":[{"href":"https:\/\/merceyoga.com\/index.php?rest_route=\/wp\/v2\/types\/page"}],"author":[{"embeddable":true,"href":"https:\/\/merceyoga.com\/index.php?rest_route=\/wp\/v2\/users\/2"}],"replies":[{"embeddable":true,"href":"https:\/\/merceyoga.com\/index.php?rest_route=%2Fwp%2Fv2%2Fcomments&post=9"}],"version-history":[{"count":1,"href":"https:\/\/merceyoga.com\/index.php?rest_route=\/wp\/v2\/pages\/9\/revisions"}],"predecessor-version":[{"id":1315,"href":"https:\/\/merceyoga.com\/index.php?rest_route=\/wp\/v2\/pages\/9\/revisions\/1315"}],"wp:attachment":[{"href":"https:\/\/merceyoga.com\/index.php?rest_route=%2Fwp%2Fv2%2Fmedia&parent=9"}],"curies":[{"name":"wp","href":"https:\/\/api.w.org\/{rel}","templated":true}]}}