{"id":132,"date":"2021-03-02T21:16:26","date_gmt":"2021-03-02T20:16:26","guid":{"rendered":"https:\/\/merceyoga.wordpress.com\/?page_id=132"},"modified":"2024-02-02T18:19:40","modified_gmt":"2024-02-02T17:19:40","slug":"clases-de-yoga-presenciales","status":"publish","type":"page","link":"https:\/\/merceyoga.com\/?page_id=132","title":{"rendered":"Clases de Yoga Presenciales"},"content":{"rendered":"\n<div class=\"wp-block-group is-vertical is-nowrap is-layout-flex wp-container-core-group-is-layout-6fe931d8 wp-block-group-is-layout-flex\">\n<div class=\"wp-block-columns are-vertically-aligned-center is-layout-flex wp-container-core-columns-is-layout-28f84493 wp-block-columns-is-layout-flex\">\n<div class=\"wp-block-column is-vertically-aligned-center is-layout-flow wp-block-column-is-layout-flow\">\n<h3 class=\"wp-block-heading alignfull has-text-align-center has-secondary-color has-text-color has-large-font-size\" id=\"block-739e51c8-fb05-4a74-a1a3-2f5b28082e98\" style=\"line-height:1.6\"><strong>Traer yoga a nuestra vida cotidiana nos permite reconocer<\/strong><br><strong>que no hay divisi\u00f3n entre una cosa y otra<\/strong>. <\/h3>\n\n\n\n<p><\/p>\n<\/div>\n\n\n\n<div class=\"wp-block-column is-vertically-aligned-center is-layout-flow wp-block-column-is-layout-flow\">\n<figure class=\"wp-block-image aligncenter size-large is-resized is-style-rounded\"><img decoding=\"async\" src=\"https:\/\/i0.wp.com\/merceyoga.com\/wp-content\/uploads\/2021\/03\/img_20200708_205652.jpg\" alt=\"\" class=\"wp-image-567\" style=\"width:343px;height:256px\" data-recalc-dims=\"1\"\/><\/figure>\n<\/div>\n<\/div>\n<\/div>\n\n\n\n<div class=\"wp-block-columns is-layout-flex wp-container-core-columns-is-layout-28f84493 wp-block-columns-is-layout-flex\">\n<div class=\"wp-block-column is-vertically-aligned-top is-layout-flow wp-block-column-is-layout-flow\">\n<h2 class=\"wp-block-heading has-text-align-center\"><strong>Clases de yoga en Castelldefels.  <\/strong><\/h2>\n\n\n\n<figure class=\"wp-block-image aligncenter size-large\"><img loading=\"lazy\" decoding=\"async\" width=\"576\" height=\"1024\" src=\"https:\/\/i0.wp.com\/merceyoga.com\/wp-content\/uploads\/2024\/02\/Yoga-en-ARAYA.png?resize=576%2C1024\" alt=\"\" class=\"wp-image-1504\" srcset=\"https:\/\/i0.wp.com\/merceyoga.com\/wp-content\/uploads\/2024\/02\/Yoga-en-ARAYA.png?resize=576%2C1024&amp;ssl=1 576w, https:\/\/i0.wp.com\/merceyoga.com\/wp-content\/uploads\/2024\/02\/Yoga-en-ARAYA.png?resize=169%2C300&amp;ssl=1 169w, https:\/\/i0.wp.com\/merceyoga.com\/wp-content\/uploads\/2024\/02\/Yoga-en-ARAYA.png?resize=768%2C1365&amp;ssl=1 768w, https:\/\/i0.wp.com\/merceyoga.com\/wp-content\/uploads\/2024\/02\/Yoga-en-ARAYA.png?resize=864%2C1536&amp;ssl=1 864w, https:\/\/i0.wp.com\/merceyoga.com\/wp-content\/uploads\/2024\/02\/Yoga-en-ARAYA.png?w=1080&amp;ssl=1 1080w\" sizes=\"auto, (max-width: 576px) 100vw, 576px\" data-recalc-dims=\"1\" \/><\/figure>\n\n\n\n<p class=\"has-text-align-center\">Ponte  en contacto para reservar tu plaza en las clases de yoga en Castelldefels.<\/p>\n\n\n\n<div class=\"wp-block-jetpack-send-a-message\">\n<div class=\"wp-block-jetpack-whatsapp-button aligncenter is-color-dark\"><a class=\"whatsapp-block__button\" href=\"https:\/\/api.whatsapp.com\/send?phone=34722828913&amp;text=Hola%2C%20me%20pongo%20en%20contacto%20por%20las%20clases%20de%20yoga%20en%20Castelldefels.%20\" style=\"background-color:#465B64;color:#fff\" target=\"_blank\" rel=\"noopener noreferrer\">Chat en WhatsApp<\/a><\/div>\n<\/div>\n<\/div>\n<\/div>\n\n\n\n<div style=\"height:100px\" aria-hidden=\"true\" class=\"wp-block-spacer\"><\/div>\n\n\n\n<h3 class=\"wp-block-heading\" id=\"clases-de-yoga-presenciales-privadas\">> <span style=\"text-decoration:underline;\">Clases de Yoga Privadas<\/span><\/h3>\n\n\n\n<p>En un encuentro personal entre tu y yo, te brindo clases dise\u00f1adas exclusivamente para t\u00ed, tus necesidades, objetivos y camino. <br><br>Practicamos a t ritmo y tiempo, con los elementos que tenemos disponibles para hacer de la pr\u00e1ctica un camino de gozo, activaci\u00f3n, disfrute y relax.<\/p>\n\n\n\n<p>Si es tu primera vez en el Yoga o  si cuando vas a clases grupales sientes que no tienes la gu\u00eda suficiente para sentirte a gusto te recomiendo esta opci\u00f3n para que puedas sentar con confianza las bases de una practica segura, con total atenci\u00f3n a tu desarrollo progresivo.<\/p>\n\n\n\n<div class=\"wp-block-buttons is-horizontal is-content-justification-center is-layout-flex wp-container-core-buttons-is-layout-03627597 wp-block-buttons-is-layout-flex\">\n<div class=\"wp-block-button\"><a class=\"wp-block-button__link wp-element-button\" href=\"https:\/\/forms.gle\/CCyzGhwR5yGD1aG56\">Reservar horario Clase Presencial Privada<\/a><\/div>\n<\/div>\n\n\n\n<hr class=\"wp-block-separator has-text-color has-primary-color has-css-opacity has-primary-background-color has-background is-style-dots\"\/>\n\n\n\n<div class=\"wp-block-group alignfull is-layout-flow wp-block-group-is-layout-flow\">\n<h3 class=\"wp-block-heading has-text-align-center\" id=\"disciplinas\">Disciplinas<\/h3>\n\n\n\n<div class=\"wp-block-group alignfull is-layout-flow wp-block-group-is-layout-flow\">\n<div class=\"wp-block-columns alignfull is-layout-flex wp-container-core-columns-is-layout-28f84493 wp-block-columns-is-layout-flex\">\n<div class=\"wp-block-column is-layout-flow wp-block-column-is-layout-flow\">\n<figure class=\"wp-block-image size-large\"><a href=\"http:\/\/merceyoga.com\/?page_id=169\"><img loading=\"lazy\" decoding=\"async\" width=\"1080\" height=\"1080\" src=\"https:\/\/i0.wp.com\/merceyoga.com\/wp-content\/uploads\/2021\/03\/meditacion.png?resize=1080%2C1080\" alt=\"Clases de Meditaci\u00f3n Online y Presenciales en Barcelona y Castelldefels.\" class=\"wp-image-468\" srcset=\"https:\/\/i0.wp.com\/merceyoga.com\/wp-content\/uploads\/2021\/03\/meditacion.png?w=1080&amp;ssl=1 1080w, https:\/\/i0.wp.com\/merceyoga.com\/wp-content\/uploads\/2021\/03\/meditacion.png?resize=300%2C300&amp;ssl=1 300w, https:\/\/i0.wp.com\/merceyoga.com\/wp-content\/uploads\/2021\/03\/meditacion.png?resize=1024%2C1024&amp;ssl=1 1024w, https:\/\/i0.wp.com\/merceyoga.com\/wp-content\/uploads\/2021\/03\/meditacion.png?resize=150%2C150&amp;ssl=1 150w, https:\/\/i0.wp.com\/merceyoga.com\/wp-content\/uploads\/2021\/03\/meditacion.png?resize=768%2C768&amp;ssl=1 768w\" sizes=\"auto, (max-width: 1000px) 100vw, 1000px\" data-recalc-dims=\"1\" \/><\/a><\/figure>\n<\/div>\n\n\n\n<div class=\"wp-block-column is-layout-flow wp-block-column-is-layout-flow\">\n<figure class=\"wp-block-image size-large\"><a href=\"http:\/\/merceyoga.com\/?page_id=170\"><img loading=\"lazy\" decoding=\"async\" width=\"1080\" height=\"1080\" src=\"https:\/\/i0.wp.com\/merceyoga.com\/wp-content\/uploads\/2021\/03\/1.png?resize=1080%2C1080\" alt=\"Clases de Hatha Yoga Vinyasa Krama Online y Presenciales en Barcelona y Castelldefels.\" class=\"wp-image-464\" srcset=\"https:\/\/i0.wp.com\/merceyoga.com\/wp-content\/uploads\/2021\/03\/1.png?w=1080&amp;ssl=1 1080w, https:\/\/i0.wp.com\/merceyoga.com\/wp-content\/uploads\/2021\/03\/1.png?resize=300%2C300&amp;ssl=1 300w, https:\/\/i0.wp.com\/merceyoga.com\/wp-content\/uploads\/2021\/03\/1.png?resize=1024%2C1024&amp;ssl=1 1024w, https:\/\/i0.wp.com\/merceyoga.com\/wp-content\/uploads\/2021\/03\/1.png?resize=150%2C150&amp;ssl=1 150w, https:\/\/i0.wp.com\/merceyoga.com\/wp-content\/uploads\/2021\/03\/1.png?resize=768%2C768&amp;ssl=1 768w\" sizes=\"auto, (max-width: 1000px) 100vw, 1000px\" data-recalc-dims=\"1\" \/><\/a><\/figure>\n<\/div>\n\n\n\n<div class=\"wp-block-column is-layout-flow wp-block-column-is-layout-flow\">\n<figure class=\"wp-block-image size-large\"><img loading=\"lazy\" decoding=\"async\" width=\"1024\" height=\"1024\" src=\"https:\/\/i0.wp.com\/merceyoga.com\/wp-content\/uploads\/2023\/09\/MEDITACION-1-1024x1024.png?resize=1024%2C1024&#038;ssl=1\" alt=\"Clases de Yoga Restaurativo Online y Presenciales en Barcelona y Castelldefels.\" class=\"wp-image-1286\" srcset=\"https:\/\/i0.wp.com\/merceyoga.com\/wp-content\/uploads\/2023\/09\/MEDITACION-1.png?resize=1024%2C1024&amp;ssl=1 1024w, https:\/\/i0.wp.com\/merceyoga.com\/wp-content\/uploads\/2023\/09\/MEDITACION-1.png?resize=300%2C300&amp;ssl=1 300w, https:\/\/i0.wp.com\/merceyoga.com\/wp-content\/uploads\/2023\/09\/MEDITACION-1.png?resize=150%2C150&amp;ssl=1 150w, https:\/\/i0.wp.com\/merceyoga.com\/wp-content\/uploads\/2023\/09\/MEDITACION-1.png?resize=768%2C768&amp;ssl=1 768w, https:\/\/i0.wp.com\/merceyoga.com\/wp-content\/uploads\/2023\/09\/MEDITACION-1.png?w=1080&amp;ssl=1 1080w\" sizes=\"auto, (max-width: 1000px) 100vw, 1000px\" data-recalc-dims=\"1\" \/><\/figure>\n<\/div>\n\n\n\n<div class=\"wp-block-column is-layout-flow wp-block-column-is-layout-flow\">\n<figure class=\"wp-block-image size-large\"><a href=\"http:\/\/merceyoga.com\/?page_id=171\"><img loading=\"lazy\" decoding=\"async\" width=\"1080\" height=\"1080\" src=\"https:\/\/i0.wp.com\/merceyoga.com\/wp-content\/uploads\/2021\/03\/3.png?resize=1080%2C1080\" alt=\"Clases de Yoga Nidra Online y Presenciales en Barcelona y Castelldefels.\" class=\"wp-image-466\" srcset=\"https:\/\/i0.wp.com\/merceyoga.com\/wp-content\/uploads\/2021\/03\/3.png?w=1080&amp;ssl=1 1080w, https:\/\/i0.wp.com\/merceyoga.com\/wp-content\/uploads\/2021\/03\/3.png?resize=300%2C300&amp;ssl=1 300w, https:\/\/i0.wp.com\/merceyoga.com\/wp-content\/uploads\/2021\/03\/3.png?resize=1024%2C1024&amp;ssl=1 1024w, https:\/\/i0.wp.com\/merceyoga.com\/wp-content\/uploads\/2021\/03\/3.png?resize=150%2C150&amp;ssl=1 150w, https:\/\/i0.wp.com\/merceyoga.com\/wp-content\/uploads\/2021\/03\/3.png?resize=768%2C768&amp;ssl=1 768w\" sizes=\"auto, (max-width: 1000px) 100vw, 1000px\" data-recalc-dims=\"1\" \/><\/a><\/figure>\n\n\n\n<p><\/p>\n<\/div>\n<\/div>\n<\/div>\n<\/div>\n","protected":false},"excerpt":{"rendered":"<p>Traer yoga a nuestra vida cotidiana nos permite reconocerque no hay divisi\u00f3n entre una cosa y otra. Clases de yoga en Castelldefels. Ponte en contacto para reservar tu plaza en las clases de yoga en Castelldefels. > Clases de Yoga Privadas En un encuentro personal entre tu y yo, te brindo clases dise\u00f1adas exclusivamente para [&hellip;]<\/p>\n","protected":false},"author":2,"featured_media":0,"parent":0,"menu_order":0,"comment_status":"closed","ping_status":"closed","template":"","meta":{"footnotes":""},"class_list":["post-132","page","type-page","status-publish","hentry"],"jetpack-related-posts":[{"id":1047,"url":"https:\/\/merceyoga.com\/?page_id=1047","url_meta":{"origin":132,"position":0},"title":"Yoga con Merc\u00e9","date":"febrero 17, 2021","format":false,"excerpt":"Yoga & Budismo herramientas de auto-conocimiento. Propuestas de calma, bienestar, contento y amor. Merc\u00e9 & Yoga Brindo espacios de pr\u00e1ctica, estudio, auto exploraci\u00f3n y conocimiento desde la \u00a0perspectiva del yoga y budismo. Las clases son espacios de aprendizaje respetuoso, gentil y suave para integrar la pr\u00e1ctica a la vida diaria\u2026","rel":"","context":"Entrada similar","img":{"alt_text":"","src":"https:\/\/i0.wp.com\/merceyoga.com\/wp-content\/uploads\/2021\/03\/meditacion.png?resize=350%2C200&ssl=1","width":350,"height":200},"classes":[]},{"id":171,"url":"https:\/\/merceyoga.com\/?page_id=171","url_meta":{"origin":132,"position":1},"title":"Yoga Nidra","date":"marzo 3, 2021","format":false,"excerpt":"Es un m\u00e9todo sistem\u00e1tico para inducir una completa relajaci\u00f3n f\u00edsica, metal y emocional, mientras que la consciencia se mantiene presente entre el sue\u00f1o y la vigilia. Yoga Nidra - Swami Satyananda Saraswati En el ritmo de la vida actual vamos tan ocupados de vivir y sobrevivir que nos olvidamos de\u2026","rel":"","context":"Entrada similar","img":{"alt_text":"","src":"https:\/\/i0.wp.com\/merceyoga.com\/wp-content\/uploads\/2021\/03\/p8041767-scaled.jpg?resize=350%2C200&ssl=1","width":350,"height":200},"classes":[]},{"id":1272,"url":"https:\/\/merceyoga.com\/?page_id=1272","url_meta":{"origin":132,"position":2},"title":"Yoga de Escritorio","date":"septiembre 22, 2023","format":false,"excerpt":"Para trabajadores de oficina o en home office, estudiantes y dem\u00e1s personas que pasan horas al d\u00eda sentadxs y frente a pantallas. Clases de 30 minutosSe trabaja el cuerpo y la mente para compensar, mejorar y potenciar la experiencia en el escritorio. Movimientos y ejercicios f\u00edsicos, estiramientospr\u00e1cticas de concentraci\u00f3n y\u2026","rel":"","context":"Entrada similar","img":{"alt_text":"","src":"https:\/\/i0.wp.com\/merceyoga.com\/wp-content\/uploads\/2023\/02\/IMG_20221215_180700504_MP-scaled.jpg?resize=350%2C200&ssl=1","width":350,"height":200},"classes":[]},{"id":586,"url":"https:\/\/merceyoga.com\/?page_id=586","url_meta":{"origin":132,"position":3},"title":"Disciplinas","date":"marzo 16, 2021","format":false,"excerpt":"Las disciplinas que comparto son las que practico de forma habitual y brindan, cada una desde su particularidad, un exquisito balance en la din\u00e1mica de la vida diaria. Buscando siempre traer la atenci\u00f3n al momento presente, cada una de estas propuestas nos permite explorar distintos aspectos de nuestro cuerpo y\u2026","rel":"","context":"Entrada similar","img":{"alt_text":"","src":"","width":0,"height":0},"classes":[]},{"id":9,"url":"https:\/\/merceyoga.com\/?page_id=9","url_meta":{"origin":132,"position":4},"title":"Acerca de m\u00ed","date":"febrero 17, 2021","format":false,"excerpt":"Soy Merc\u00e9.Tengo 35 a\u00f1os. Nac\u00ed en Argentina. Si, tengo nombre Catal\u00e1n Vivo en Barcelona desde junio 2018 Mi pasi\u00f3n es la naturaleza, la comunicaci\u00f3n y la uni\u00f3n de mundos. El estudio de la mente desde la perspectiva del Yoga es lo que me ocupa desde hace tiempo. Mi vida laboral\u2026","rel":"","context":"Entrada similar","img":{"alt_text":"","src":"https:\/\/i0.wp.com\/merceyoga.com\/wp-content\/uploads\/2021\/03\/img_20201211_161226964_hdr-1-scaled.jpg?resize=350%2C200&ssl=1","width":350,"height":200},"classes":[]},{"id":967,"url":"https:\/\/merceyoga.com\/?page_id=967","url_meta":{"origin":132,"position":5},"title":"Clases de Yoga en V\u00eddeo","date":"febrero 16, 2022","format":false,"excerpt":"Para que puedas realizar en la comodidad de tu espacio, al tiempo que m\u00e1s se ajuste a tus necesidades y tener un acompa\u00f1amiento en tus clases. Te dejo aqu\u00ed el acceso a una clase de yoga restaurativa en v\u00eddeo https:\/\/www.youtube.com\/watch?v=YuzlyLXucpY Si te interesa recibir en tu correo una clase en\u2026","rel":"","context":"Entrada similar","img":{"alt_text":"","src":"https:\/\/i0.wp.com\/merceyoga.com\/wp-content\/uploads\/2023\/02\/IMG_20221215_180700504_MP-scaled.jpg?resize=350%2C200&ssl=1","width":350,"height":200},"classes":[]}],"_links":{"self":[{"href":"https:\/\/merceyoga.com\/index.php?rest_route=\/wp\/v2\/pages\/132","targetHints":{"allow":["GET"]}}],"collection":[{"href":"https:\/\/merceyoga.com\/index.php?rest_route=\/wp\/v2\/pages"}],"about":[{"href":"https:\/\/merceyoga.com\/index.php?rest_route=\/wp\/v2\/types\/page"}],"author":[{"embeddable":true,"href":"https:\/\/merceyoga.com\/index.php?rest_route=\/wp\/v2\/users\/2"}],"replies":[{"embeddable":true,"href":"https:\/\/merceyoga.com\/index.php?rest_route=%2Fwp%2Fv2%2Fcomments&post=132"}],"version-history":[{"count":3,"href":"https:\/\/merceyoga.com\/index.php?rest_route=\/wp\/v2\/pages\/132\/revisions"}],"predecessor-version":[{"id":1505,"href":"https:\/\/merceyoga.com\/index.php?rest_route=\/wp\/v2\/pages\/132\/revisions\/1505"}],"wp:attachment":[{"href":"https:\/\/merceyoga.com\/index.php?rest_route=%2Fwp%2Fv2%2Fmedia&parent=132"}],"curies":[{"name":"wp","href":"https:\/\/api.w.org\/{rel}","templated":true}]}}